{"id":4138,"date":"2018-11-02T10:41:38","date_gmt":"2018-11-02T10:41:38","guid":{"rendered":"http:\/\/listeo.wpengine.com\/?page_id=33"},"modified":"2018-11-02T10:41:38","modified_gmt":"2018-11-02T10:41:38","slug":"half-list","status":"publish","type":"page","link":"https:\/\/ecuadorconsciente.org\/en\/half-list\/","title":{"rendered":"Half List"},"content":{"rendered":"<div class=\"row margin-bottom-25\">\r\n\r\n\t\t\t\t\n\t<div class=\"col-md-3 col-xs-6\">\n\t\t<!-- Layout Switcher -->\n\t\t<div class=\"layout-switcher\">\n\t\t\t\t\t\t\t<a href=\"#\" data-layout=\"grid\" class=\"grid\"><i class=\"fa fa-th\"><\/i><\/a>\n\t\t\t\t<a href=\"#\" data-layout=\"list\" class=\"list\"><i class=\"fa fa-align-justify\"><\/i><\/a>\n\t\t\t\t\t<\/div>\n\t<\/div>\n\n\n<!-- Sorting \/ Layout Switcher -->\n\t<div class=\"col-md-9\">\n\t\t\t<div class=\"fullwidth-filters  ajax-search\">\n\n\t\t\t\n\t\t\t\t\t\n\t\t\t\t\t\t\t<!-- Sort by -->\n\t\t\t\t<div class=\"sort-by\">\n\t\t\t\t\t<div class=\"sort-by-select\">\n\t\t\t\t\t\t\t\t\t\t\t\t\t\t\t\t\t\t<select form=\"listeo_core-search-form\" name=\"listeo_core_order\" data-placeholder=\"Default order\" class=\"select2-sortby orderby\">\n\t\t\t\t\t\t\t<option  value=\"default\">Default Order<\/option>\n\t\t\t\t\t\t\t\t\t\t\t\t\t\t\t<option  value=\"best-match\">\n\t\t\t\t\t\t\t\t\tBest Match\t\t\t\t\t\t\t\t<\/option>\n\t\t\t\t\t\t\t\t\t\t\t\t\t\t\t\t\t\t\t\t\t\t<option  value=\"distance\" class=\"distance-sort\">\n\t\t\t\t\t\t\t\t\tNearest First\t\t\t\t\t\t\t\t<\/option>\n\t\t\t\t\t\t\t\t\t\t\t\t\t\t\t\t\t\t\t\t\t\t\t\t\t\t\t\t <option  value=\"highest-rated\">Highest Rated<\/option>\t\t\t\t\t\t\t\t\t\t\t\t\t\t\t<option  value=\"reviewed\">Most Reviewed<\/option>\t\t\t\t\t\t\t\t\t\t\t\t\t\t<option  value=\"date-desc\">Newest Listings<\/option>\t\t\t\t\t\t\t<option  value=\"date-asc\">Oldest Listings<\/option>\t\t\t\t\t\t\t<option  value=\"title\">Alphabetically<\/option>\t\t\t\t\t\t\t<option  value=\"featured\">Featured<\/option>\t\t\t\t\t\t\t<option  value=\"views\">Most Views<\/option>\t\t\t\t\t\t\t<option  value=\"verified\">Verified<\/option>\t\t\t\t\t\t\t<option  value=\"upcoming-event\">Upcoming Event<\/option>\t\t\t\t\t\t\t<option  selected='selected' value=\"rand\">Random<\/option>\t\t\t\t\t\t<\/select>\n\t\t\t\t\t<\/div>\n\t\t\t\t<\/div>\n\t\t\t\t<!-- Sort by \/ End -->\n\t\t\t\n\t\t\t\n\t\t<\/div>\n\t\t<\/div>\t\t\t<\/div>\r\n\t\t<!-- Listings -->\r\n\r\n<div id=\"listeo-listings-container\" \r\ndata-counter=\"33\" \r\ndata-style=\"list\"  \r\ndata-custom_class=\"\" \r\ndata-per_page=\"6\" \r\ndata-grid_columns=\"2\" \r\n data-region=\"\"  data-category=\"\"  data-feature=\"\"  data-service_category=\"\"  data-rental_category=\"\"  data-event_category=\"\"  data-classifieds_category=\"\" class=\"list-layout row  ajax-search\">\r\n\t<div class=\"loader-ajax-container\" > <div class=\"loader-ajax\"><\/div> <\/div><!-- Listing Item -->\r\n\r\n\r\n<div  class=\"listing-card-container-nl margin-bottom-30 listing-geo-data\" \r\n\t\tdata-title=\"SantaCann. Museo del Cannabis y Centro Cann\u00e1bico Integral\"\r\n\t\tdata-listing-type=\"service\"\r\n\t\tdata-classifieds-price=\"&#36;\"\r\n\t\tdata-friendly-address=\"V\u00eda Manglaralto - Dos Mangas 241702\"\r\n\t\tdata-address=\"V\u00eda Manglaralto - Dos Mangas 241702\"\r\n\t\tdata-image=\"https:\/\/ecuadorconsciente.org\/wp-content\/uploads\/2020\/01\/Diseno-sin-titulo-6.png\"\r\n\t\tdata-longitude=\"-80.71201815069224\"\r\n\t\tdata-latitude=\"-1.8336931365887532\"\r\n\t\t\t\t\tdata-rating=\"4.9\"\r\n\t\t\tdata-reviews=\"8\"\r\n\t\t\t\tdata-icon=\"&lt;svg xmlns=&quot;http:\/\/www.w3.org\/2000\/svg&quot; xmlns:xlink=&quot;http:\/\/www.w3.org\/1999\/xlink&quot; enable-background=&quot;new 0 0 512 512&quot; id=&quot;Layer_2&quot; version=&quot;1.1&quot; viewBox=&quot;0 0 512 512&quot; xml:space=&quot;preserve&quot;&gt;&lt;g&gt;&lt;path d=&quot;M210.695,132.965c0,0,34.944-26.392,88.279,0c0,0,68.048,31.91,90.118,116.51c22.07,84.6-64.37,148.97-143.453,137.935 c-79.083-11.035-141.614-113.294-112.187-159.639s91.729-81.288,125.867-72.093c34.138,9.196,94.83,66.048,89.312,114.866 s-53.335,106.612-99.313,75.876s-115.866-77.822-69.887-118.649s65.2-45.612,101.568,0s23.643,74.518-15.973,71.1 c-39.616-3.418-65.364-14.558-48.812-43.932s33.104,0,33.104,0&quot; fill=&quot;none&quot; stroke=&quot;#474747&quot; stroke-linecap=&quot;round&quot; stroke-linejoin=&quot;round&quot; stroke-miterlimit=&quot;10&quot; stroke-width=&quot;15&quot;\/&gt;&lt;polygon fill=&quot;none&quot; points=&quot;223.855,85.56 288.145,85.56 255.045,15.996&quot; stroke=&quot;#474747&quot; stroke-linecap=&quot;round&quot; stroke-linejoin=&quot;round&quot; stroke-miterlimit=&quot;10&quot; stroke-width=&quot;15&quot;\/&gt;&lt;polygon fill=&quot;none&quot; points=&quot;288.145,424.318 223.855,424.318 256.955,493.883&quot; stroke=&quot;#474747&quot; stroke-linecap=&quot;round&quot; stroke-linejoin=&quot;round&quot; stroke-miterlimit=&quot;10&quot; stroke-width=&quot;15&quot;\/&gt;&lt;polygon fill=&quot;none&quot; points=&quot;86.621,287.084 86.621,222.795 17.057,255.894&quot; stroke=&quot;#474747&quot; stroke-linecap=&quot;round&quot; stroke-linejoin=&quot;round&quot; stroke-miterlimit=&quot;10&quot; stroke-width=&quot;15&quot;\/&gt;&lt;polygon fill=&quot;none&quot; points=&quot;425.379,222.795 425.379,287.084 494.943,253.984&quot; stroke=&quot;#474747&quot; stroke-linecap=&quot;round&quot; stroke-linejoin=&quot;round&quot; stroke-miterlimit=&quot;10&quot; stroke-width=&quot;15&quot;\/&gt;&lt;polygon fill=&quot;none&quot; points=&quot;113.501,157.9 158.961,112.441 86.366,86.656&quot; stroke=&quot;#474747&quot; stroke-linecap=&quot;round&quot; stroke-linejoin=&quot;round&quot; stroke-miterlimit=&quot;10&quot; stroke-width=&quot;15&quot;\/&gt;&lt;polygon fill=&quot;none&quot; points=&quot;398.499,351.979 353.039,397.438 425.634,423.222&quot; stroke=&quot;#474747&quot; stroke-linecap=&quot;round&quot; stroke-linejoin=&quot;round&quot; stroke-miterlimit=&quot;10&quot; stroke-width=&quot;15&quot;\/&gt;&lt;polygon fill=&quot;none&quot; points=&quot;158.961,397.438 113.501,351.979 87.717,424.573&quot; stroke=&quot;#474747&quot; stroke-linecap=&quot;round&quot; stroke-linejoin=&quot;round&quot; stroke-miterlimit=&quot;10&quot; stroke-width=&quot;15&quot;\/&gt;&lt;polygon fill=&quot;none&quot; points=&quot;353.039,112.441 398.499,157.9 424.283,85.306&quot; stroke=&quot;#474747&quot; stroke-linecap=&quot;round&quot; stroke-linejoin=&quot;round&quot; stroke-miterlimit=&quot;10&quot; stroke-width=&quot;15&quot;\/&gt;&lt;\/g&gt;&lt;\/svg&gt;\"\r\n\r\n\t>\r\n\t<div class=\"listing-card-nl\">\r\n\t\t<!-- ===== LEFT: IMAGE SLIDER ===== -->\r\n\t\t<div class=\"listing-image-container-nl\">\r\n\t\t\t<a href=\"https:\/\/ecuadorconsciente.org\/en\/listing\/santacann-products-cannabis-museum-ecuador\/\">\r\n\t\t\t\t<div class=\"slider-wrapper-nl\">\r\n\t\t\t\t\t<img decoding=\"async\" src=\"https:\/\/ecuadorconsciente.org\/wp-content\/uploads\/2020\/01\/Diseno-sin-titulo-6.png\" alt=\"Modified Santa Cann logo. Cannabis Museum and Cannabis Center (domestic and imported products)\" class=\"slider-image-nl\"><img decoding=\"async\" src=\"https:\/\/ecuadorconsciente.org\/wp-content\/uploads\/2020\/01\/20220205_121448-scaled.jpg\" alt=\"Productos SantaCann para mascotas a base de extracto de cannabis medicinal\" class=\"slider-image-nl\"><img decoding=\"async\" src=\"https:\/\/ecuadorconsciente.org\/wp-content\/uploads\/2020\/01\/IMG-20220117-WA0030.jpg\" alt=\"Terapias con o sin aceite CBD en SantaCann\" class=\"slider-image-nl\">\t\t\t\t<\/div>\r\n\t\t\t<\/a>\r\n\r\n\t\t\t\t\t\t<div class=\"slider-arrow-nl left-nl\" id=\"prevBtn\"><i class=\"fa-solid fa-chevron-left\"><\/i><\/div>\r\n\t\t\t<div class=\"slider-arrow-nl right-nl\" id=\"nextBtn\"><i class=\"fa-solid fa-chevron-right\"><\/i><\/div>\r\n\t\t\t<div class=\"image-overlay-top-nl\">\r\n\r\n\t\t\t\t\t\t\t\t\t\t\t<\/div>\r\n\t\t<\/div>\r\n\r\n\t\t<!-- ===== RIGHT: LISTING DETAILS (NOW 2-COLUMN) ===== -->\r\n\t\t<a href=\"https:\/\/ecuadorconsciente.org\/en\/listing\/santacann-products-cannabis-museum-ecuador\/\" class=\"listing-details-nl\">\r\n\r\n\t\t\t<!-- Main Content Column (Left) -->\r\n\t\t\t<div class=\"details-main-col-nl\">\r\n\t\t\t\t<div class=\"listing-badges-nl\">\r\n\t\t\t\t\t\t\t\t\t\t\t\t\t\t<\/div>\r\n\t\t\t\t<h2 class=\"listing-title-nl\">SantaCann. Cannabis Museum and Integral Cannabis Center\t\t\t\t\t<div class=\"listing-title-badges-nl\">\r\n\t\t\t\t\t\t\t\t\t\t\t\t\t<div class=\"verified-icon-nl title-badge-nl\">\r\n\t\t\t\t\t\t\t\t<i class=\"fa fa-check\"><\/i>\r\n\t\t\t\t\t\t\t\t<span class=\"tooltip-nl\">Verified Listing<\/span>\r\n\t\t\t\t\t\t\t<\/div>\r\n\t\t\t\t\t\t\t\t\t\t\t\t\t\t\t\t\t<\/div>\r\n\t\t\t\t<\/h2>\r\n\t\t\t\t\r\n\r\n\t\t\t\t\t\t\t<\/div>\r\n\r\n\t\t\t<!-- Sidebar Column (Right) -->\r\n\t\t\t<div class=\"details-sidebar-col-nl\">\r\n\t\t\t\t<div class=\"details-sidebar-upper-nl\">\r\n\r\n\t\t\t\t\t\t\t\t\t\t\t\t<div class=\"listing-rating-nl\">\r\n\t\t\t\t\t\t\t\t<div class=\"stars-nl\" data-rating=\"4.9\">\r\n\r\n\t\t\t\t\t\t\t\t\t<div class=\"listing-rating-nl\">\n                      <div class=\"stars-nl\">\n                          <i class=\"fa-solid fa-star\"><\/i>\n                            <i class=\"fa-solid fa-star\"><\/i>\n                            <i class=\"fa-solid fa-star\"><\/i>\n                            <i class=\"fa-solid fa-star\"><\/i>\n                            <i class=\"fa-solid fa-star-half-stroke\"><\/i>\n                      <\/div>\n                       <div class=\"rating-text-nl\">4.9 <span>(8)<\/span><\/div><\/div> \t\t\t\t\t\t\t\t<\/div>\r\n\t\t\t\t\t\t\t<\/div>\r\n\t\t\t\t\t\t\t\t\t<\/div>\r\n\t\t\t\t\r\n\r\n\t\t\t<\/div>\r\n\r\n\r\n\t\t<\/a>\r\n\t<\/div>\r\n<\/div>\r\n\r\n\r\n<!-- Listing Item \/ End --><!-- Listing Item -->\r\n\r\n\r\n<div  class=\"listing-card-container-nl margin-bottom-30 listing-geo-data\" \r\n\t\tdata-title=\"Hotel Eterna Juventud &#8211; Vilcabamba\"\r\n\t\tdata-listing-type=\"service\"\r\n\t\tdata-classifieds-price=\"&#36;\"\r\n\t\tdata-friendly-address=\"Calle Bol\u00edvar y Luis Fernando de la Vega (Esquina frente al Parque Central)\"\r\n\t\tdata-address=\"Calle Bol\u00edvar y Luis Fernando de la Vega (Esquina frente al Parque Central)\"\r\n\t\tdata-image=\"https:\/\/ecuadorconsciente.org\/wp-content\/uploads\/2025\/10\/277581818_380888290709216_2437727964809828998_n-520x397.jpg\"\r\n\t\tdata-longitude=\"-79.2222041338232\"\r\n\t\tdata-latitude=\"-4.2610396786637015\"\r\n\t\t\t\t\tdata-rating=\"4.5\"\r\n\t\t\tdata-reviews=\"60\"\r\n\t\t\t\tdata-icon=\"&lt;svg xmlns=&quot;http:\/\/www.w3.org\/2000\/svg&quot; xmlns:xlink=&quot;http:\/\/www.w3.org\/1999\/xlink&quot; enable-background=&quot;new 0 0 512 512&quot; id=&quot;Layer_2&quot; version=&quot;1.1&quot; viewBox=&quot;0 0 512 512&quot; xml:space=&quot;preserve&quot;&gt;&lt;g&gt;&lt;path d=&quot;M210.695,132.965c0,0,34.944-26.392,88.279,0c0,0,68.048,31.91,90.118,116.51c22.07,84.6-64.37,148.97-143.453,137.935 c-79.083-11.035-141.614-113.294-112.187-159.639s91.729-81.288,125.867-72.093c34.138,9.196,94.83,66.048,89.312,114.866 s-53.335,106.612-99.313,75.876s-115.866-77.822-69.887-118.649s65.2-45.612,101.568,0s23.643,74.518-15.973,71.1 c-39.616-3.418-65.364-14.558-48.812-43.932s33.104,0,33.104,0&quot; fill=&quot;none&quot; stroke=&quot;#474747&quot; stroke-linecap=&quot;round&quot; stroke-linejoin=&quot;round&quot; stroke-miterlimit=&quot;10&quot; stroke-width=&quot;15&quot;\/&gt;&lt;polygon fill=&quot;none&quot; points=&quot;223.855,85.56 288.145,85.56 255.045,15.996&quot; stroke=&quot;#474747&quot; stroke-linecap=&quot;round&quot; stroke-linejoin=&quot;round&quot; stroke-miterlimit=&quot;10&quot; stroke-width=&quot;15&quot;\/&gt;&lt;polygon fill=&quot;none&quot; points=&quot;288.145,424.318 223.855,424.318 256.955,493.883&quot; stroke=&quot;#474747&quot; stroke-linecap=&quot;round&quot; stroke-linejoin=&quot;round&quot; stroke-miterlimit=&quot;10&quot; stroke-width=&quot;15&quot;\/&gt;&lt;polygon fill=&quot;none&quot; points=&quot;86.621,287.084 86.621,222.795 17.057,255.894&quot; stroke=&quot;#474747&quot; stroke-linecap=&quot;round&quot; stroke-linejoin=&quot;round&quot; stroke-miterlimit=&quot;10&quot; stroke-width=&quot;15&quot;\/&gt;&lt;polygon fill=&quot;none&quot; points=&quot;425.379,222.795 425.379,287.084 494.943,253.984&quot; stroke=&quot;#474747&quot; stroke-linecap=&quot;round&quot; stroke-linejoin=&quot;round&quot; stroke-miterlimit=&quot;10&quot; stroke-width=&quot;15&quot;\/&gt;&lt;polygon fill=&quot;none&quot; points=&quot;113.501,157.9 158.961,112.441 86.366,86.656&quot; stroke=&quot;#474747&quot; stroke-linecap=&quot;round&quot; stroke-linejoin=&quot;round&quot; stroke-miterlimit=&quot;10&quot; stroke-width=&quot;15&quot;\/&gt;&lt;polygon fill=&quot;none&quot; points=&quot;398.499,351.979 353.039,397.438 425.634,423.222&quot; stroke=&quot;#474747&quot; stroke-linecap=&quot;round&quot; stroke-linejoin=&quot;round&quot; stroke-miterlimit=&quot;10&quot; stroke-width=&quot;15&quot;\/&gt;&lt;polygon fill=&quot;none&quot; points=&quot;158.961,397.438 113.501,351.979 87.717,424.573&quot; stroke=&quot;#474747&quot; stroke-linecap=&quot;round&quot; stroke-linejoin=&quot;round&quot; stroke-miterlimit=&quot;10&quot; stroke-width=&quot;15&quot;\/&gt;&lt;polygon fill=&quot;none&quot; points=&quot;353.039,112.441 398.499,157.9 424.283,85.306&quot; stroke=&quot;#474747&quot; stroke-linecap=&quot;round&quot; stroke-linejoin=&quot;round&quot; stroke-miterlimit=&quot;10&quot; stroke-width=&quot;15&quot;\/&gt;&lt;\/g&gt;&lt;\/svg&gt;\"\r\n\r\n\t>\r\n\t<div class=\"listing-card-nl\">\r\n\t\t<!-- ===== LEFT: IMAGE SLIDER ===== -->\r\n\t\t<div class=\"listing-image-container-nl\">\r\n\t\t\t<a href=\"https:\/\/ecuadorconsciente.org\/en\/listing\/eternal-youth-hotel\/\">\r\n\t\t\t\t<div class=\"slider-wrapper-nl\">\r\n\t\t\t\t\t<img decoding=\"async\" src=\"https:\/\/ecuadorconsciente.org\/wp-content\/uploads\/2025\/10\/277581818_380888290709216_2437727964809828998_n-520x397.jpg\" alt=\"Logo del EternaJuventud. Hotel en Vilcabamba\" class=\"slider-image-nl\"><img decoding=\"async\" src=\"https:\/\/ecuadorconsciente.org\/wp-content\/uploads\/2025\/10\/49343461_328494197996256_3016268434339004416_n-520x397.jpg\" alt=\"Balc\u00f3n interior y pasillos en el Hotel Eterna Juventud que mantienen el dise\u00f1o arquitect\u00f3nico tradicional de Vilcabamba\" class=\"slider-image-nl\"><img decoding=\"async\" src=\"https:\/\/ecuadorconsciente.org\/wp-content\/uploads\/2025\/10\/59362538_395142364664772_9064832381503930368_n-520x397.jpg\" alt=\"Grupo de chefs que visit\u00f3 Vilcabamba y se hosped\u00f3 en el Hotel Eterna Juventud\" class=\"slider-image-nl\">\t\t\t\t<\/div>\r\n\t\t\t<\/a>\r\n\r\n\t\t\t\t\t\t<div class=\"slider-arrow-nl left-nl\" id=\"prevBtn\"><i class=\"fa-solid fa-chevron-left\"><\/i><\/div>\r\n\t\t\t<div class=\"slider-arrow-nl right-nl\" id=\"nextBtn\"><i class=\"fa-solid fa-chevron-right\"><\/i><\/div>\r\n\t\t\t<div class=\"image-overlay-top-nl\">\r\n\r\n\t\t\t\t\t\t\t\t\t\t\t<\/div>\r\n\t\t<\/div>\r\n\r\n\t\t<!-- ===== RIGHT: LISTING DETAILS (NOW 2-COLUMN) ===== -->\r\n\t\t<a href=\"https:\/\/ecuadorconsciente.org\/en\/listing\/eternal-youth-hotel\/\" class=\"listing-details-nl\">\r\n\r\n\t\t\t<!-- Main Content Column (Left) -->\r\n\t\t\t<div class=\"details-main-col-nl\">\r\n\t\t\t\t<div class=\"listing-badges-nl\">\r\n\t\t\t\t\t\t\t\t\t\t\t\t\t\t<\/div>\r\n\t\t\t\t<h2 class=\"listing-title-nl\">Hotel Eterna Juventud &#8211; Vilcabamba\t\t\t\t\t<div class=\"listing-title-badges-nl\">\r\n\t\t\t\t\t\t\t\t\t\t\t\t\t<div class=\"verified-icon-nl title-badge-nl\">\r\n\t\t\t\t\t\t\t\t<i class=\"fa fa-check\"><\/i>\r\n\t\t\t\t\t\t\t\t<span class=\"tooltip-nl\">Verified Listing<\/span>\r\n\t\t\t\t\t\t\t<\/div>\r\n\t\t\t\t\t\t\t\t\t\t\t\t\t\t\t\t\t<\/div>\r\n\t\t\t\t<\/h2>\r\n\t\t\t\t\r\n\r\n\t\t\t\t\t\t\t<\/div>\r\n\r\n\t\t\t<!-- Sidebar Column (Right) -->\r\n\t\t\t<div class=\"details-sidebar-col-nl\">\r\n\t\t\t\t<div class=\"details-sidebar-upper-nl\">\r\n\r\n\t\t\t\t\t\t\t\t\t\t\t\t<div class=\"listing-rating-nl\">\r\n\t\t\t\t\t\t\t\t<div class=\"stars-nl\" data-rating=\"4.5\">\r\n\r\n\t\t\t\t\t\t\t\t\t<div class=\"listing-rating-nl\">\n                      <div class=\"stars-nl\">\n                          <i class=\"fa-solid fa-star\"><\/i>\n                            <i class=\"fa-solid fa-star\"><\/i>\n                            <i class=\"fa-solid fa-star\"><\/i>\n                            <i class=\"fa-solid fa-star\"><\/i>\n                            <i class=\"fa-solid fa-star-half-stroke\"><\/i>\n                      <\/div>\n                       <div class=\"rating-text-nl\">4.5 <span>(60)<\/span><\/div><\/div> \t\t\t\t\t\t\t\t<\/div>\r\n\t\t\t\t\t\t\t<\/div>\r\n\t\t\t\t\t\t\t\t\t<\/div>\r\n\t\t\t\t\r\n\r\n\t\t\t<\/div>\r\n\r\n\r\n\t\t<\/a>\r\n\t<\/div>\r\n<\/div>\r\n\r\n\r\n<!-- Listing Item \/ End --><!-- Listing Item -->\r\n\r\n\r\n<div  class=\"listing-card-container-nl margin-bottom-30 listing-geo-data\" \r\n\t\tdata-title=\"Instituto Cultural Loja\"\r\n\t\tdata-listing-type=\"service\"\r\n\t\tdata-classifieds-price=\"&#36;\"\r\n\t\tdata-friendly-address=\"XRX2+MWG, 24 de Mayo, Loja, Ecuador\"\r\n\t\tdata-address=\"XRX2+MWG, 24 de Mayo, Loja, Ecuador\"\r\n\t\tdata-image=\"https:\/\/ecuadorconsciente.org\/wp-content\/uploads\/2023\/10\/Logo-Transparente-Ecuador-Consciente.png\"\r\n\t\tdata-longitude=\"-79.1976784\"\r\n\t\tdata-latitude=\"-4.0008209\"\r\n\t\t\t\t\tdata-rating=\"4.5\"\r\n\t\t\tdata-reviews=\"2\"\r\n\t\t\t\tdata-icon=\"&lt;svg xmlns=&quot;http:\/\/www.w3.org\/2000\/svg&quot; xmlns:xlink=&quot;http:\/\/www.w3.org\/1999\/xlink&quot; enable-background=&quot;new 0 0 256 256&quot; height=&quot;256px&quot; id=&quot;Layer_1&quot; version=&quot;1.1&quot; viewBox=&quot;0 0 256 256&quot; width=&quot;256px&quot; xml:space=&quot;preserve&quot;&gt;&lt;g&gt;&lt;g&gt;&lt;path clip-rule=&quot;evenodd&quot; d=&quot;M241.911,8.781c-27.808,22.632-72.912,58.41-96.21,85.363 c-10.333,11.953-12.615,16.761-22.446,29.162l8.126,8.101c12.441-9.8,17.212-12.125,29.204-22.427 c27.035-23.226,62.928-68.188,85.632-95.908C248.654,10.097,244.896,6.351,241.911,8.781L241.911,8.781z M197.413,85.211 c22.083,11.44,37.978,35.297,41.074,59.689c5.687,44.783-20.992,80.984-62.478,95.897 C108.019,265.24,26.108,225.35,11.53,153.229C2.641,109.245,17.128,68.22,55.722,43.92c13.647-8.592,30.063-14.635,46.22-15.851 c13.567-1.019,29.491,1.397,38.703,12.42c2.478,2.965,4.154,6.4,4.938,10.18c2.891,13.947-7.225,25.782-2.822,30.068 l-8.462,8.496c-13.183-12.83,6.583-29.753-2.882-41.081C110.191,22.757,3.923,55.021,23.303,150.863 c12.812,63.426,85.954,101.206,148.631,78.673c35.598-12.797,59.685-43.384,54.638-83.133 c-2.746-21.617-17.713-43.41-38.165-52.213L197.413,85.211L197.413,85.211z M96.713,79.939 c-5.53,1.156-12.224,6.081-10.949,12.463c0.317,1.576,1.022,2.914,2.178,4.04c5.569,5.431,16.426,3.609,21.206-2.19 c1.91-2.315,2.981-5.115,2.014-8.068C109.226,80.289,102.12,78.81,96.713,79.939L96.713,79.939z M94.661,70.174 c20.648-4.31,34.577,15.423,22.221,30.411c-11.946,14.49-37.492,10.98-40.932-6.235C73.621,82.702,83.182,72.574,94.661,70.174 L94.661,70.174z&quot; fill=&quot;#333333&quot; fill-rule=&quot;evenodd&quot;\/&gt;&lt;path clip-rule=&quot;evenodd&quot; d=&quot;M90.014,159.278c19.827,1.775,36.718-4.145,36.395-24.454 c-1.689-1.576-6.07-5.523-7.76-7.097C95.404,132.008,101.352,154.86,90.014,159.278L90.014,159.278z M84.13,200.378 c-2.062-7.896,1.155-13.69,8.887-8.765l-0.006-0.051c4.67,0.965,11.232,0.774,16.249,1.389 c26.417,3.249,2.522,47.474-26.32,13.331c-1.347-1.578-1.182-3.971,0.364-5.347C83.559,200.707,83.838,200.522,84.13,200.378 L84.13,200.378z M137.289,206.773c-0.053-1.746,0.958-3.404,2.61-4.083c1.663-11.552,14.286-17.776,24.958-19.312 c31.824-4.579,11.851,13.744,7.883,18.435c-2.005,22.977-30.64,22.225-35.746,7.74 C136.726,208.584,136.859,207.594,137.289,206.773L137.289,206.773z M190.756,169.364c-0.387-0.898-0.457-1.941-0.123-2.941 l0.023-0.222c-0.003-0.285-0.015-0.552-0.018-0.842c0-0.505,0.095-0.984,0.268-1.424c0.744-6.454,2.126-13.988,9.013-16.028 C241.368,135.628,193.434,226.553,190.756,169.364L190.756,169.364z M175.288,106.942c-1.891,1.615-7.49,3.419-5.762,6.226 c2.816,4.577,4.819,7.987,5.764,13.367c0.583,3.311,8.501,8.147,12.349,5.162c1.487-1.152,7.697-8.765,7.697-10.507 c0-2.67-1.535-6.097-3.319-8.116C188.916,109.568,180.04,102.884,175.288,106.942L175.288,106.942z M55.846,157.033 c8.617-0.735,8.288,4.63,12.511,8.51c0.471,0.08,0.78,0.144,1.329,0.425c18.112,9.291-16.253,34.219-22.623,17.351 c-5.677-15.028-4.596-18.209,5.462-25.826C53.535,156.779,54.77,156.651,55.846,157.033L55.846,157.033z&quot; fill=&quot;#333333&quot; fill-rule=&quot;evenodd&quot;\/&gt;&lt;\/g&gt;&lt;\/g&gt;&lt;\/svg&gt;\"\r\n\r\n\t>\r\n\t<div class=\"listing-card-nl\">\r\n\t\t<!-- ===== LEFT: IMAGE SLIDER ===== -->\r\n\t\t<div class=\"listing-image-container-nl\">\r\n\t\t\t<a href=\"https:\/\/ecuadorconsciente.org\/en\/listing\/cultural-institute-of-loja\/\">\r\n\t\t\t\t<div class=\"slider-wrapper-nl\">\r\n\t\t\t\t\t\t\t<img decoding=\"async\" src=\"https:\/\/ecuadorconsciente.org\/wp-content\/uploads\/2023\/10\/Logo-Transparente-Ecuador-Consciente.png\" alt=\"Loja Cultural Institute\" class=\"slider-image-nl\">\r\n\t\t\t\t<\/div>\r\n\t\t\t<\/a>\r\n\r\n\t\t\t\t\t\t<div class=\"slider-arrow-nl left-nl\" id=\"prevBtn\"><i class=\"fa-solid fa-chevron-left\"><\/i><\/div>\r\n\t\t\t<div class=\"slider-arrow-nl right-nl\" id=\"nextBtn\"><i class=\"fa-solid fa-chevron-right\"><\/i><\/div>\r\n\t\t\t<div class=\"image-overlay-top-nl\">\r\n\r\n\t\t\t\t\t\t\t\t\t\t\t<\/div>\r\n\t\t<\/div>\r\n\r\n\t\t<!-- ===== RIGHT: LISTING DETAILS (NOW 2-COLUMN) ===== -->\r\n\t\t<a href=\"https:\/\/ecuadorconsciente.org\/en\/listing\/cultural-institute-of-loja\/\" class=\"listing-details-nl\">\r\n\r\n\t\t\t<!-- Main Content Column (Left) -->\r\n\t\t\t<div class=\"details-main-col-nl\">\r\n\t\t\t\t<div class=\"listing-badges-nl\">\r\n\t\t\t\t\t\t\t\t\t\t\t\t\t\t<\/div>\r\n\t\t\t\t<h2 class=\"listing-title-nl\">Loja Cultural Institute\t\t\t\t\t<div class=\"listing-title-badges-nl\">\r\n\t\t\t\t\t\t\t\t\t\t\t\t\t\t\t\t\t<\/div>\r\n\t\t\t\t<\/h2>\r\n\t\t\t\t\r\n\r\n\t\t\t\t\t\t\t<\/div>\r\n\r\n\t\t\t<!-- Sidebar Column (Right) -->\r\n\t\t\t<div class=\"details-sidebar-col-nl\">\r\n\t\t\t\t<div class=\"details-sidebar-upper-nl\">\r\n\r\n\t\t\t\t\t\t\t\t\t\t\t\t<div class=\"listing-rating-nl\">\r\n\t\t\t\t\t\t\t\t<div class=\"stars-nl\" data-rating=\"4.5\">\r\n\r\n\t\t\t\t\t\t\t\t\t<div class=\"listing-rating-nl\">\n                      <div class=\"stars-nl\">\n                          <i class=\"fa-solid fa-star\"><\/i>\n                            <i class=\"fa-solid fa-star\"><\/i>\n                            <i class=\"fa-solid fa-star\"><\/i>\n                            <i class=\"fa-solid fa-star\"><\/i>\n                            <i class=\"fa-solid fa-star-half-stroke\"><\/i>\n                      <\/div>\n                       <div class=\"rating-text-nl\">4.5 <span>(2)<\/span><\/div><\/div> \t\t\t\t\t\t\t\t<\/div>\r\n\t\t\t\t\t\t\t<\/div>\r\n\t\t\t\t\t\t\t\t\t<\/div>\r\n\t\t\t\t\r\n\r\n\t\t\t<\/div>\r\n\r\n\r\n\t\t<\/a>\r\n\t<\/div>\r\n<\/div>\r\n\r\n\r\n<!-- Listing Item \/ End --><!-- Listing Item -->\r\n\r\n\r\n<div  class=\"listing-card-container-nl margin-bottom-30 listing-geo-data\" >\r\n\t<div class=\"listing-card-nl\">\r\n\t\t<!-- ===== LEFT: IMAGE SLIDER ===== -->\r\n\t\t<div class=\"listing-image-container-nl\">\r\n\t\t\t<a href=\"https:\/\/ecuadorconsciente.org\/en\/listing\/tuana-turismo-comunitario-sapara-en-pastaza\/\">\r\n\t\t\t\t<div class=\"slider-wrapper-nl\">\r\n\t\t\t\t\t<img decoding=\"async\" src=\"https:\/\/ecuadorconsciente.org\/wp-content\/uploads\/2026\/04\/EACA487B-26EF-422D-B7C1-2A3321F663C8_1_105_c1-520x397.jpeg\" alt=\"Sobrevuelo amaz\u00f3nico para llegar a la comunidad Atatakuijia donde se desarrolla el proyecto de turimso comunitario TUANA\" class=\"slider-image-nl\"><img decoding=\"async\" src=\"https:\/\/ecuadorconsciente.org\/wp-content\/uploads\/2026\/04\/751F6935-00AC-4567-86F2-F832E5D49D80_1_105_c-520x397.jpeg\" alt=\"Sapara sobre canoa de madera tradicional en el r\u00edo Pindoyacu , provincia de Pastaza\" class=\"slider-image-nl\"><img decoding=\"async\" src=\"https:\/\/ecuadorconsciente.org\/wp-content\/uploads\/2026\/04\/AA70DCE6-02AF-4E6E-B9C1-F4D7F54FA316_1_105_c-520x397.jpeg\" alt=\"Hermoso atardecer en la amazon\u00eda ecuatoriana. Territorio sapara, provincia de Pastaza\" class=\"slider-image-nl\">\t\t\t\t<\/div>\r\n\t\t\t<\/a>\r\n\r\n\t\t\t\t\t\t<div class=\"slider-arrow-nl left-nl\" id=\"prevBtn\"><i class=\"fa-solid fa-chevron-left\"><\/i><\/div>\r\n\t\t\t<div class=\"slider-arrow-nl right-nl\" id=\"nextBtn\"><i class=\"fa-solid fa-chevron-right\"><\/i><\/div>\r\n\t\t\t<div class=\"image-overlay-top-nl\">\r\n\r\n\t\t\t\t\t\t\t\t\t\t\t<\/div>\r\n\t\t<\/div>\r\n\r\n\t\t<!-- ===== RIGHT: LISTING DETAILS (NOW 2-COLUMN) ===== -->\r\n\t\t<a href=\"https:\/\/ecuadorconsciente.org\/en\/listing\/tuana-turismo-comunitario-sapara-en-pastaza\/\" class=\"listing-details-nl\">\r\n\r\n\t\t\t<!-- Main Content Column (Left) -->\r\n\t\t\t<div class=\"details-main-col-nl\">\r\n\t\t\t\t<div class=\"listing-badges-nl\">\r\n\t\t\t\t\t\t\t\t\t\t\t\t\t\t<\/div>\r\n\t\t\t\t<h2 class=\"listing-title-nl\">Tuana. Turismo comunitario sapara en Pastaza\t\t\t\t\t<div class=\"listing-title-badges-nl\">\r\n\t\t\t\t\t\t\t\t\t\t\t\t\t<div class=\"verified-icon-nl title-badge-nl\">\r\n\t\t\t\t\t\t\t\t<i class=\"fa fa-check\"><\/i>\r\n\t\t\t\t\t\t\t\t<span class=\"tooltip-nl\">Verified Listing<\/span>\r\n\t\t\t\t\t\t\t<\/div>\r\n\t\t\t\t\t\t\t\t\t\t\t\t\t\t\t\t\t<\/div>\r\n\t\t\t\t<\/h2>\r\n\t\t\t\t\r\n\r\n\t\t\t\t\t\t\t<\/div>\r\n\r\n\t\t\t<!-- Sidebar Column (Right) -->\r\n\t\t\t<div class=\"details-sidebar-col-nl\">\r\n\t\t\t\t<div class=\"details-sidebar-upper-nl\">\r\n\r\n\t\t\t\t\t\t\t\t\t<\/div>\r\n\t\t\t\t\r\n\r\n\t\t\t<\/div>\r\n\r\n\r\n\t\t<\/a>\r\n\t<\/div>\r\n<\/div>\r\n\r\n\r\n<!-- Listing Item \/ End --><!-- Listing Item -->\r\n\r\n\r\n<div  class=\"listing-card-container-nl margin-bottom-30 listing-geo-data\" \r\n\t\tdata-title=\"Museo de la M\u00fasica y la Lojanidad\"\r\n\t\tdata-listing-type=\"service\"\r\n\t\tdata-classifieds-price=\"&#36;\"\r\n\t\tdata-friendly-address=\"Calle Bernardo Valdivieso y 10 de Agosto (Frente a la Plaza de San Sebasti\u00e1n).\"\r\n\t\tdata-address=\"Calle Bernardo Valdivieso y 10 de Agosto (Frente a la Plaza de San Sebasti\u00e1n).\"\r\n\t\tdata-image=\"https:\/\/ecuadorconsciente.org\/wp-content\/uploads\/2025\/12\/Fachada-externa-del-Museo-de-la-Musica-y-la-Lojanidad-en-la-provincia-de-Loja-Ecuador-520x397.jpg\"\r\n\t\tdata-longitude=\"-79.2009672\"\r\n\t\tdata-latitude=\"-3.9985784\"\r\n\t\t\t\t\tdata-rating=\"4.5\"\r\n\t\t\tdata-reviews=\"200\"\r\n\t\t\t\tdata-icon=\"&lt;svg xmlns=&quot;http:\/\/www.w3.org\/2000\/svg&quot; xmlns:xlink=&quot;http:\/\/www.w3.org\/1999\/xlink&quot; enable-background=&quot;new 0 0 256 256&quot; height=&quot;256px&quot; id=&quot;Layer_1&quot; version=&quot;1.1&quot; viewBox=&quot;0 0 256 256&quot; width=&quot;256px&quot; xml:space=&quot;preserve&quot;&gt;&lt;g&gt;&lt;g&gt;&lt;path clip-rule=&quot;evenodd&quot; d=&quot;M241.911,8.781c-27.808,22.632-72.912,58.41-96.21,85.363 c-10.333,11.953-12.615,16.761-22.446,29.162l8.126,8.101c12.441-9.8,17.212-12.125,29.204-22.427 c27.035-23.226,62.928-68.188,85.632-95.908C248.654,10.097,244.896,6.351,241.911,8.781L241.911,8.781z M197.413,85.211 c22.083,11.44,37.978,35.297,41.074,59.689c5.687,44.783-20.992,80.984-62.478,95.897 C108.019,265.24,26.108,225.35,11.53,153.229C2.641,109.245,17.128,68.22,55.722,43.92c13.647-8.592,30.063-14.635,46.22-15.851 c13.567-1.019,29.491,1.397,38.703,12.42c2.478,2.965,4.154,6.4,4.938,10.18c2.891,13.947-7.225,25.782-2.822,30.068 l-8.462,8.496c-13.183-12.83,6.583-29.753-2.882-41.081C110.191,22.757,3.923,55.021,23.303,150.863 c12.812,63.426,85.954,101.206,148.631,78.673c35.598-12.797,59.685-43.384,54.638-83.133 c-2.746-21.617-17.713-43.41-38.165-52.213L197.413,85.211L197.413,85.211z M96.713,79.939 c-5.53,1.156-12.224,6.081-10.949,12.463c0.317,1.576,1.022,2.914,2.178,4.04c5.569,5.431,16.426,3.609,21.206-2.19 c1.91-2.315,2.981-5.115,2.014-8.068C109.226,80.289,102.12,78.81,96.713,79.939L96.713,79.939z M94.661,70.174 c20.648-4.31,34.577,15.423,22.221,30.411c-11.946,14.49-37.492,10.98-40.932-6.235C73.621,82.702,83.182,72.574,94.661,70.174 L94.661,70.174z&quot; fill=&quot;#333333&quot; fill-rule=&quot;evenodd&quot;\/&gt;&lt;path clip-rule=&quot;evenodd&quot; d=&quot;M90.014,159.278c19.827,1.775,36.718-4.145,36.395-24.454 c-1.689-1.576-6.07-5.523-7.76-7.097C95.404,132.008,101.352,154.86,90.014,159.278L90.014,159.278z M84.13,200.378 c-2.062-7.896,1.155-13.69,8.887-8.765l-0.006-0.051c4.67,0.965,11.232,0.774,16.249,1.389 c26.417,3.249,2.522,47.474-26.32,13.331c-1.347-1.578-1.182-3.971,0.364-5.347C83.559,200.707,83.838,200.522,84.13,200.378 L84.13,200.378z M137.289,206.773c-0.053-1.746,0.958-3.404,2.61-4.083c1.663-11.552,14.286-17.776,24.958-19.312 c31.824-4.579,11.851,13.744,7.883,18.435c-2.005,22.977-30.64,22.225-35.746,7.74 C136.726,208.584,136.859,207.594,137.289,206.773L137.289,206.773z M190.756,169.364c-0.387-0.898-0.457-1.941-0.123-2.941 l0.023-0.222c-0.003-0.285-0.015-0.552-0.018-0.842c0-0.505,0.095-0.984,0.268-1.424c0.744-6.454,2.126-13.988,9.013-16.028 C241.368,135.628,193.434,226.553,190.756,169.364L190.756,169.364z M175.288,106.942c-1.891,1.615-7.49,3.419-5.762,6.226 c2.816,4.577,4.819,7.987,5.764,13.367c0.583,3.311,8.501,8.147,12.349,5.162c1.487-1.152,7.697-8.765,7.697-10.507 c0-2.67-1.535-6.097-3.319-8.116C188.916,109.568,180.04,102.884,175.288,106.942L175.288,106.942z M55.846,157.033 c8.617-0.735,8.288,4.63,12.511,8.51c0.471,0.08,0.78,0.144,1.329,0.425c18.112,9.291-16.253,34.219-22.623,17.351 c-5.677-15.028-4.596-18.209,5.462-25.826C53.535,156.779,54.77,156.651,55.846,157.033L55.846,157.033z&quot; fill=&quot;#333333&quot; fill-rule=&quot;evenodd&quot;\/&gt;&lt;\/g&gt;&lt;\/g&gt;&lt;\/svg&gt;\"\r\n\r\n\t>\r\n\t<div class=\"listing-card-nl\">\r\n\t\t<!-- ===== LEFT: IMAGE SLIDER ===== -->\r\n\t\t<div class=\"listing-image-container-nl\">\r\n\t\t\t<a href=\"https:\/\/ecuadorconsciente.org\/en\/listing\/museum-of-music\/\">\r\n\t\t\t\t<div class=\"slider-wrapper-nl\">\r\n\t\t\t\t\t<img decoding=\"async\" src=\"https:\/\/ecuadorconsciente.org\/wp-content\/uploads\/2025\/12\/Fachada-externa-del-Museo-de-la-Musica-y-la-Lojanidad-en-la-provincia-de-Loja-Ecuador-520x397.jpg\" alt=\"Exterior facade of the Museum of Music and Loja Culture in the province of Loja, Ecuador\" class=\"slider-image-nl\"><img decoding=\"async\" src=\"https:\/\/ecuadorconsciente.org\/wp-content\/uploads\/2025\/12\/Patio-interno-del-Museo-de-la-Musica-y-la-Lojanidad.-Loja-Ecuador-520x397.jpg\" alt=\"Patio interno del museo de la m\u00fasica y la lojanidad. loja ecuador\" class=\"slider-image-nl\"><img decoding=\"async\" src=\"https:\/\/ecuadorconsciente.org\/wp-content\/uploads\/2025\/12\/Antiguo-piano-exhibido-en-el-Museo-de-la-Musica-y-la-Lojanidad-en-la-ciudad-de-Loja-Ecuador-520x397.jpg\" alt=\"Antiguo piano exhibido en el museo de la m\u00fasica y la lojanidad en la ciudad de loja ecuador\" class=\"slider-image-nl\">\t\t\t\t<\/div>\r\n\t\t\t<\/a>\r\n\r\n\t\t\t\t\t\t<div class=\"slider-arrow-nl left-nl\" id=\"prevBtn\"><i class=\"fa-solid fa-chevron-left\"><\/i><\/div>\r\n\t\t\t<div class=\"slider-arrow-nl right-nl\" id=\"nextBtn\"><i class=\"fa-solid fa-chevron-right\"><\/i><\/div>\r\n\t\t\t<div class=\"image-overlay-top-nl\">\r\n\r\n\t\t\t\t\t\t\t\t\t\t\t<\/div>\r\n\t\t<\/div>\r\n\r\n\t\t<!-- ===== RIGHT: LISTING DETAILS (NOW 2-COLUMN) ===== -->\r\n\t\t<a href=\"https:\/\/ecuadorconsciente.org\/en\/listing\/museum-of-music\/\" class=\"listing-details-nl\">\r\n\r\n\t\t\t<!-- Main Content Column (Left) -->\r\n\t\t\t<div class=\"details-main-col-nl\">\r\n\t\t\t\t<div class=\"listing-badges-nl\">\r\n\t\t\t\t\t\t\t\t\t\t\t\t\t\t<\/div>\r\n\t\t\t\t<h2 class=\"listing-title-nl\">Museum of Music and Lojanidad\t\t\t\t\t<div class=\"listing-title-badges-nl\">\r\n\t\t\t\t\t\t\t\t\t\t\t\t\t<div class=\"verified-icon-nl title-badge-nl\">\r\n\t\t\t\t\t\t\t\t<i class=\"fa fa-check\"><\/i>\r\n\t\t\t\t\t\t\t\t<span class=\"tooltip-nl\">Verified Listing<\/span>\r\n\t\t\t\t\t\t\t<\/div>\r\n\t\t\t\t\t\t\t\t\t\t\t\t\t\t\t\t\t<\/div>\r\n\t\t\t\t<\/h2>\r\n\t\t\t\t\r\n\r\n\t\t\t\t\t\t\t<\/div>\r\n\r\n\t\t\t<!-- Sidebar Column (Right) -->\r\n\t\t\t<div class=\"details-sidebar-col-nl\">\r\n\t\t\t\t<div class=\"details-sidebar-upper-nl\">\r\n\r\n\t\t\t\t\t\t\t\t\t\t\t\t<div class=\"listing-rating-nl\">\r\n\t\t\t\t\t\t\t\t<div class=\"stars-nl\" data-rating=\"4.5\">\r\n\r\n\t\t\t\t\t\t\t\t\t<div class=\"listing-rating-nl\">\n                      <div class=\"stars-nl\">\n                          <i class=\"fa-solid fa-star\"><\/i>\n                            <i class=\"fa-solid fa-star\"><\/i>\n                            <i class=\"fa-solid fa-star\"><\/i>\n                            <i class=\"fa-solid fa-star\"><\/i>\n                            <i class=\"fa-solid fa-star-half-stroke\"><\/i>\n                      <\/div>\n                       <div class=\"rating-text-nl\">4.5 <span>(200)<\/span><\/div><\/div> \t\t\t\t\t\t\t\t<\/div>\r\n\t\t\t\t\t\t\t<\/div>\r\n\t\t\t\t\t\t\t\t\t<\/div>\r\n\t\t\t\t\r\n\r\n\t\t\t<\/div>\r\n\r\n\r\n\t\t<\/a>\r\n\t<\/div>\r\n<\/div>\r\n\r\n\r\n<!-- Listing Item \/ End --><!-- Listing Item -->\r\n\r\n\r\n<div  class=\"listing-card-container-nl margin-bottom-30 listing-geo-data\" >\r\n\t<div class=\"listing-card-nl\">\r\n\t\t<!-- ===== LEFT: IMAGE SLIDER ===== -->\r\n\t\t<div class=\"listing-image-container-nl\">\r\n\t\t\t<a href=\"https:\/\/ecuadorconsciente.org\/en\/listing\/la-varonessa-personalized-fabrics\/\">\r\n\t\t\t\t<div class=\"slider-wrapper-nl\">\r\n\t\t\t\t\t<img decoding=\"async\" src=\"https:\/\/ecuadorconsciente.org\/wp-content\/uploads\/2023\/06\/292350337_438046571665580_7605095762863959890_n.jpg\" alt=\"&quot;La Varonessa&quot; logo. Custom fabrics in Ecuador\" class=\"slider-image-nl\"><img decoding=\"async\" src=\"https:\/\/ecuadorconsciente.org\/wp-content\/uploads\/2023\/06\/345633941_927460695178499_3849037775997499036_n-copia.jpg\" alt=\"The Varonessa. Custom Woven Clothings\" class=\"slider-image-nl\"><img decoding=\"async\" src=\"https:\/\/ecuadorconsciente.org\/wp-content\/uploads\/2023\/06\/346633788_3368399043461972_2269474655499645616_n-copia-1.jpg\" alt=\"The Varonessa. Custom Woven Clothings\" class=\"slider-image-nl\">\t\t\t\t<\/div>\r\n\t\t\t<\/a>\r\n\r\n\t\t\t\t\t\t<div class=\"slider-arrow-nl left-nl\" id=\"prevBtn\"><i class=\"fa-solid fa-chevron-left\"><\/i><\/div>\r\n\t\t\t<div class=\"slider-arrow-nl right-nl\" id=\"nextBtn\"><i class=\"fa-solid fa-chevron-right\"><\/i><\/div>\r\n\t\t\t<div class=\"image-overlay-top-nl\">\r\n\r\n\t\t\t\t\t\t\t\t\t\t\t<\/div>\r\n\t\t<\/div>\r\n\r\n\t\t<!-- ===== RIGHT: LISTING DETAILS (NOW 2-COLUMN) ===== -->\r\n\t\t<a href=\"https:\/\/ecuadorconsciente.org\/en\/listing\/la-varonessa-personalized-fabrics\/\" class=\"listing-details-nl\">\r\n\r\n\t\t\t<!-- Main Content Column (Left) -->\r\n\t\t\t<div class=\"details-main-col-nl\">\r\n\t\t\t\t<div class=\"listing-badges-nl\">\r\n\t\t\t\t\t\t\t\t\t\t\t\t\t\t<\/div>\r\n\t\t\t\t<h2 class=\"listing-title-nl\">The Varonessa. Custom Woven Clothings\t\t\t\t\t<div class=\"listing-title-badges-nl\">\r\n\t\t\t\t\t\t\t\t\t\t\t\t\t<div class=\"verified-icon-nl title-badge-nl\">\r\n\t\t\t\t\t\t\t\t<i class=\"fa fa-check\"><\/i>\r\n\t\t\t\t\t\t\t\t<span class=\"tooltip-nl\">Verified Listing<\/span>\r\n\t\t\t\t\t\t\t<\/div>\r\n\t\t\t\t\t\t\t\t\t\t\t\t\t\t\t\t\t<\/div>\r\n\t\t\t\t<\/h2>\r\n\t\t\t\t\r\n\r\n\t\t\t\t\t\t\t<\/div>\r\n\r\n\t\t\t<!-- Sidebar Column (Right) -->\r\n\t\t\t<div class=\"details-sidebar-col-nl\">\r\n\t\t\t\t<div class=\"details-sidebar-upper-nl\">\r\n\r\n\t\t\t\t\t\t\t\t\t<\/div>\r\n\t\t\t\t\r\n\r\n\t\t\t<\/div>\r\n\r\n\r\n\t\t<\/a>\r\n\t<\/div>\r\n<\/div>\r\n\r\n\r\n<!-- Listing Item \/ End -->\t\t\t<\/div>\r\n\t\t\t\t\t\t\t<div class=\"pagination-container margin-top-20 margin-bottom-20 ajax-search\">\r\n\t\t\t\t\t<nav class=\"pagination margin-top-30\"><ul class=\"pagination\"><li class=\"current\" data-paged=\"1\"><a href=\"#\">1 <\/a><\/li><li data-paged=\"2\"><a href=\"#\">2<\/a><\/li><li data-paged=\"3\"><a href=\"#\">3<\/a><\/li><li data-paged=\"next\"><a  href=\"#\"><i class=\"sl sl-icon-arrow-right\"><\/i><\/a><\/li><\/ul><\/nav>\t\t\t\t<\/div>","protected":false},"excerpt":{"rendered":"","protected":false},"author":1,"featured_media":0,"parent":0,"menu_order":0,"comment_status":"closed","ping_status":"closed","template":"template-split-map.php","meta":{"_seopress_robots_primary_cat":"","_seopress_titles_title":"","_seopress_titles_desc":"","_seopress_robots_index":"","footnotes":""},"class_list":["post-4138","page","type-page","status-publish","hentry"],"_links":{"self":[{"href":"https:\/\/ecuadorconsciente.org\/en\/wp-json\/wp\/v2\/pages\/4138","targetHints":{"allow":["GET"]}}],"collection":[{"href":"https:\/\/ecuadorconsciente.org\/en\/wp-json\/wp\/v2\/pages"}],"about":[{"href":"https:\/\/ecuadorconsciente.org\/en\/wp-json\/wp\/v2\/types\/page"}],"author":[{"embeddable":true,"href":"https:\/\/ecuadorconsciente.org\/en\/wp-json\/wp\/v2\/users\/1"}],"replies":[{"embeddable":true,"href":"https:\/\/ecuadorconsciente.org\/en\/wp-json\/wp\/v2\/comments?post=4138"}],"version-history":[{"count":0,"href":"https:\/\/ecuadorconsciente.org\/en\/wp-json\/wp\/v2\/pages\/4138\/revisions"}],"wp:attachment":[{"href":"https:\/\/ecuadorconsciente.org\/en\/wp-json\/wp\/v2\/media?parent=4138"}],"curies":[{"name":"wp","href":"https:\/\/api.w.org\/{rel}","templated":true}]}}